{"id":1456,"date":"2024-10-26T16:15:17","date_gmt":"2024-10-26T16:15:17","guid":{"rendered":"https:\/\/demo-kmcz.nt-software.de\/?page_id=1456"},"modified":"2025-10-28T21:38:12","modified_gmt":"2025-10-28T20:38:12","slug":"kmcz","status":"publish","type":"page","link":"https:\/\/eeschekuelle.de\/index.php\/kmcz\/","title":{"rendered":"\u00dcber Uns &#8211; KV De Eeschek\u00fclle e. V."},"content":{"rendered":"\n<div class=\"wp-block-group\"><div class=\"wp-block-group__inner-container is-layout-constrained wp-block-group-is-layout-constrained\">\n<div class=\"wp-block-query custom-about-posts-entries is-layout-flow wp-block-query-is-layout-flow\"><ul class=\"wp-block-post-template is-layout-flow wp-block-post-template-is-layout-flow\"><li class=\"wp-block-post post-1610 post type-post status-publish format-standard has-post-thumbnail hentry category-ueberuns\">\n\n<div class=\"wp-block-columns custom-about-posts-entry is-layout-flex wp-container-core-columns-is-layout-9d6595d7 wp-block-columns-is-layout-flex\">\n<div class=\"wp-block-column custom-about-posts-image-left is-layout-flow wp-block-column-is-layout-flow\" style=\"flex-basis:30%\"><figure class=\"wp-block-post-featured-image\"><img loading=\"lazy\" decoding=\"async\" width=\"1920\" height=\"1280\" src=\"https:\/\/eeschekuelle.de\/wp-content\/uploads\/2024\/10\/Vorstellung-Leben-am-Limit-1.jpeg\" class=\"attachment-post-thumbnail size-post-thumbnail wp-post-image\" alt=\"\" style=\"object-fit:cover;\" srcset=\"https:\/\/eeschekuelle.de\/wp-content\/uploads\/2024\/10\/Vorstellung-Leben-am-Limit-1.jpeg 1920w, https:\/\/eeschekuelle.de\/wp-content\/uploads\/2024\/10\/Vorstellung-Leben-am-Limit-1-300x200.jpeg 300w, https:\/\/eeschekuelle.de\/wp-content\/uploads\/2024\/10\/Vorstellung-Leben-am-Limit-1-1024x683.jpeg 1024w, https:\/\/eeschekuelle.de\/wp-content\/uploads\/2024\/10\/Vorstellung-Leben-am-Limit-1-768x512.jpeg 768w, https:\/\/eeschekuelle.de\/wp-content\/uploads\/2024\/10\/Vorstellung-Leben-am-Limit-1-1536x1024.jpeg 1536w\" sizes=\"auto, (max-width: 1920px) 100vw, 1920px\" \/><\/figure><\/div>\n\n\n\n<div class=\"wp-block-column is-layout-flow wp-block-column-is-layout-flow\" style=\"flex-basis:70%\"><h2 style=\"font-style:normal;font-weight:700;\" class=\"wp-block-post-title\">Leben am Limit<\/h2>\n\n\n<h3 class=\"wp-block-heading has-text-color has-link-color wp-elements-972481ec45f8c10506b0de7ab21ef016\" style=\"color:#c90512\">Schneller \u00dcberblick &amp; Fakten<\/h3>\n\n\n<div style=\"font-size:1rem;\" class=\"custom-about-read-more-link wp-block-post-excerpt\"><p class=\"wp-block-post-excerpt__excerpt\">Die M\u00e4nnercrew von Leben am Limit, gegr\u00fcndet 2017\/2018, fand durch ihre Begeisterung f\u00fcr den lokalen Karneval zusammen. Gemeinsam mit dem KMCZ und den Community Dancern treten sie nun als &#8222;KV de Eeschek\u00fclle e. V.&#8220; auf und unterst\u00fctzen in dieser Session stolz Kinderprinz Jakob I.<\/p><p class=\"wp-block-post-excerpt__more-text\"><a class=\"wp-block-post-excerpt__more-link\" href=\"https:\/\/eeschekuelle.de\/index.php\/2024\/10\/27\/ueber-leben-am-limit\/\">Mehr lesen<\/a><\/p><\/div><\/div>\n\n\n\n<div class=\"wp-block-column custom-about-posts-image-right is-layout-flow wp-block-column-is-layout-flow\" style=\"flex-basis:30%\"><figure class=\"wp-block-post-featured-image\"><img loading=\"lazy\" decoding=\"async\" width=\"1920\" height=\"1280\" src=\"https:\/\/eeschekuelle.de\/wp-content\/uploads\/2024\/10\/Vorstellung-Leben-am-Limit-1.jpeg\" class=\"attachment-post-thumbnail size-post-thumbnail wp-post-image\" alt=\"\" style=\"object-fit:cover;\" srcset=\"https:\/\/eeschekuelle.de\/wp-content\/uploads\/2024\/10\/Vorstellung-Leben-am-Limit-1.jpeg 1920w, https:\/\/eeschekuelle.de\/wp-content\/uploads\/2024\/10\/Vorstellung-Leben-am-Limit-1-300x200.jpeg 300w, https:\/\/eeschekuelle.de\/wp-content\/uploads\/2024\/10\/Vorstellung-Leben-am-Limit-1-1024x683.jpeg 1024w, https:\/\/eeschekuelle.de\/wp-content\/uploads\/2024\/10\/Vorstellung-Leben-am-Limit-1-768x512.jpeg 768w, https:\/\/eeschekuelle.de\/wp-content\/uploads\/2024\/10\/Vorstellung-Leben-am-Limit-1-1536x1024.jpeg 1536w\" sizes=\"auto, (max-width: 1920px) 100vw, 1920px\" \/><\/figure><\/div>\n<\/div>\n\n<\/li><li class=\"wp-block-post post-1549 post type-post status-publish format-standard has-post-thumbnail hentry category-ueberuns\">\n\n<div class=\"wp-block-columns custom-about-posts-entry is-layout-flex wp-container-core-columns-is-layout-9d6595d7 wp-block-columns-is-layout-flex\">\n<div class=\"wp-block-column custom-about-posts-image-left is-layout-flow wp-block-column-is-layout-flow\" style=\"flex-basis:30%\"><figure class=\"wp-block-post-featured-image\"><img loading=\"lazy\" decoding=\"async\" width=\"1179\" height=\"786\" src=\"https:\/\/eeschekuelle.de\/wp-content\/uploads\/2024\/10\/Vorstellung-Communities.jpeg\" class=\"attachment-post-thumbnail size-post-thumbnail wp-post-image\" alt=\"\" style=\"object-fit:cover;\" srcset=\"https:\/\/eeschekuelle.de\/wp-content\/uploads\/2024\/10\/Vorstellung-Communities.jpeg 1179w, https:\/\/eeschekuelle.de\/wp-content\/uploads\/2024\/10\/Vorstellung-Communities-300x200.jpeg 300w, https:\/\/eeschekuelle.de\/wp-content\/uploads\/2024\/10\/Vorstellung-Communities-1024x683.jpeg 1024w, https:\/\/eeschekuelle.de\/wp-content\/uploads\/2024\/10\/Vorstellung-Communities-768x512.jpeg 768w\" sizes=\"auto, (max-width: 1179px) 100vw, 1179px\" \/><\/figure><\/div>\n\n\n\n<div class=\"wp-block-column is-layout-flow wp-block-column-is-layout-flow\" style=\"flex-basis:70%\"><h2 style=\"font-style:normal;font-weight:700;\" class=\"wp-block-post-title\">Communities<\/h2>\n\n\n<h3 class=\"wp-block-heading has-text-color has-link-color wp-elements-972481ec45f8c10506b0de7ab21ef016\" style=\"color:#c90512\">Schneller \u00dcberblick &amp; Fakten<\/h3>\n\n\n<div style=\"font-size:1rem;\" class=\"custom-about-read-more-link wp-block-post-excerpt\"><p class=\"wp-block-post-excerpt__excerpt\">Die Community Dancer, 2009\/2010 gegr\u00fcndet, sind eine Showtanzgruppe mit mittlerweile 35 T\u00e4nzerinnen, die die B\u00fchnen der St\u00e4dteregion Aachen und dar\u00fcber hinaus f\u00fcllt. Seit 2023\/24 treten sie gemeinsam mit dem Kinder Musketier Corps und Leben am Limit als &#8222;KV de Eeschek\u00fclle e. V.&#8220; auf.<\/p><p class=\"wp-block-post-excerpt__more-text\"><a class=\"wp-block-post-excerpt__more-link\" href=\"https:\/\/eeschekuelle.de\/index.php\/2024\/10\/27\/communities\/\">Mehr lesen<\/a><\/p><\/div><\/div>\n\n\n\n<div class=\"wp-block-column custom-about-posts-image-right is-layout-flow wp-block-column-is-layout-flow\" style=\"flex-basis:30%\"><figure class=\"wp-block-post-featured-image\"><img loading=\"lazy\" decoding=\"async\" width=\"1179\" height=\"786\" src=\"https:\/\/eeschekuelle.de\/wp-content\/uploads\/2024\/10\/Vorstellung-Communities.jpeg\" class=\"attachment-post-thumbnail size-post-thumbnail wp-post-image\" alt=\"\" style=\"object-fit:cover;\" srcset=\"https:\/\/eeschekuelle.de\/wp-content\/uploads\/2024\/10\/Vorstellung-Communities.jpeg 1179w, https:\/\/eeschekuelle.de\/wp-content\/uploads\/2024\/10\/Vorstellung-Communities-300x200.jpeg 300w, https:\/\/eeschekuelle.de\/wp-content\/uploads\/2024\/10\/Vorstellung-Communities-1024x683.jpeg 1024w, https:\/\/eeschekuelle.de\/wp-content\/uploads\/2024\/10\/Vorstellung-Communities-768x512.jpeg 768w\" sizes=\"auto, (max-width: 1179px) 100vw, 1179px\" \/><\/figure><\/div>\n<\/div>\n\n<\/li><li class=\"wp-block-post post-1512 post type-post status-publish format-standard has-post-thumbnail hentry category-ueberuns\">\n\n<div class=\"wp-block-columns custom-about-posts-entry is-layout-flex wp-container-core-columns-is-layout-9d6595d7 wp-block-columns-is-layout-flex\">\n<div class=\"wp-block-column custom-about-posts-image-left is-layout-flow wp-block-column-is-layout-flow\" style=\"flex-basis:30%\"><figure class=\"wp-block-post-featured-image\"><img loading=\"lazy\" decoding=\"async\" width=\"1920\" height=\"1280\" src=\"https:\/\/eeschekuelle.de\/wp-content\/uploads\/2024\/10\/Vorstellung-KMCZ-1.jpeg\" class=\"attachment-post-thumbnail size-post-thumbnail wp-post-image\" alt=\"\" style=\"object-fit:cover;\" srcset=\"https:\/\/eeschekuelle.de\/wp-content\/uploads\/2024\/10\/Vorstellung-KMCZ-1.jpeg 1920w, https:\/\/eeschekuelle.de\/wp-content\/uploads\/2024\/10\/Vorstellung-KMCZ-1-300x200.jpeg 300w, https:\/\/eeschekuelle.de\/wp-content\/uploads\/2024\/10\/Vorstellung-KMCZ-1-1024x683.jpeg 1024w, https:\/\/eeschekuelle.de\/wp-content\/uploads\/2024\/10\/Vorstellung-KMCZ-1-768x512.jpeg 768w, https:\/\/eeschekuelle.de\/wp-content\/uploads\/2024\/10\/Vorstellung-KMCZ-1-1536x1024.jpeg 1536w\" sizes=\"auto, (max-width: 1920px) 100vw, 1920px\" \/><\/figure><\/div>\n\n\n\n<div class=\"wp-block-column is-layout-flow wp-block-column-is-layout-flow\" style=\"flex-basis:70%\"><h2 style=\"font-style:normal;font-weight:700;\" class=\"wp-block-post-title\">KMCZ<\/h2>\n\n\n<h3 class=\"wp-block-heading has-text-color has-link-color wp-elements-972481ec45f8c10506b0de7ab21ef016\" style=\"color:#c90512\">Schneller \u00dcberblick &amp; Fakten<\/h3>\n\n\n<div style=\"font-size:1rem;\" class=\"custom-about-read-more-link wp-block-post-excerpt\"><p class=\"wp-block-post-excerpt__excerpt\">Der Kinder Karnevalsverein Zweifall, gegr\u00fcndet 1995 und seit 2018 eingetragen, bietet Kindern von 2 bis 15 Jahren eine B\u00fchne und f\u00f6rdert durch Tanzgruppen und Veranstaltungen wie dem Dorfspektakel Teamgeist und B\u00fchnenerfahrung. Stolz pr\u00e4sentiert er dieses Jahr seinen ersten Kinderprinzen, Jakob I.<\/p><p class=\"wp-block-post-excerpt__more-text\"><a class=\"wp-block-post-excerpt__more-link\" href=\"https:\/\/eeschekuelle.de\/index.php\/2024\/10\/27\/kmcz\/\">Mehr lesen<\/a><\/p><\/div><\/div>\n\n\n\n<div class=\"wp-block-column custom-about-posts-image-right is-layout-flow wp-block-column-is-layout-flow\" style=\"flex-basis:30%\"><figure class=\"wp-block-post-featured-image\"><img loading=\"lazy\" decoding=\"async\" width=\"1920\" height=\"1280\" src=\"https:\/\/eeschekuelle.de\/wp-content\/uploads\/2024\/10\/Vorstellung-KMCZ-1.jpeg\" class=\"attachment-post-thumbnail size-post-thumbnail wp-post-image\" alt=\"\" style=\"object-fit:cover;\" srcset=\"https:\/\/eeschekuelle.de\/wp-content\/uploads\/2024\/10\/Vorstellung-KMCZ-1.jpeg 1920w, https:\/\/eeschekuelle.de\/wp-content\/uploads\/2024\/10\/Vorstellung-KMCZ-1-300x200.jpeg 300w, https:\/\/eeschekuelle.de\/wp-content\/uploads\/2024\/10\/Vorstellung-KMCZ-1-1024x683.jpeg 1024w, https:\/\/eeschekuelle.de\/wp-content\/uploads\/2024\/10\/Vorstellung-KMCZ-1-768x512.jpeg 768w, https:\/\/eeschekuelle.de\/wp-content\/uploads\/2024\/10\/Vorstellung-KMCZ-1-1536x1024.jpeg 1536w\" sizes=\"auto, (max-width: 1920px) 100vw, 1920px\" \/><\/figure><\/div>\n<\/div>\n\n<\/li><\/ul><\/div>\n<\/div><\/div>\n","protected":false},"excerpt":{"rendered":"<p>Im Jahr 1995\u00a0wurde der erste Kinder Karnevalsverein in Zweifall gegr\u00fcndet.<\/p>\n<p>Nachdem die ersten Jahre als lockere Gruppierung durch Elterninitiative organisiert wurden, wagte man\u00a0im Jahr 2018, aufgrund immer weiter steigender Mitgliedszahlen, den Schritt in das Vereinsregister und wurde zum eingetragenen Verein.<\/p>\n<p>Das Kinder Musketier Corps Zweifall besteht heute aus\u00a04 Tanzmariechen (Louisa, Lea, Klara und Jasmin), einer Minitanzgruppe, einer Jugendgarde und einer Jugendshowtanzgruppe.<\/p>\n<p>Die Zweifaller Kinder tanzen alle mit viel Herzblut und sind durch viele gemeinsame Aktionen zu einem echten Team zusammengewachsen.<\/p>\n<p>Im KMCZ k\u00f6nnen <strong>Kinder zwischen 2 und 15 Jahren<\/strong> altersgerecht erste B\u00fchnenerfahrung schnuppern.<\/p>\n<p>Besonders stolz sind wir in diesem Jahr auf unseren ersten <strong>Kinderprinzen Jakob I.<\/strong>, der ein echtes Eigengew\u00e4chs des Vereins ist, da er quasi seit er das zarte Alter von 6 Monaten erreicht hat, kaum einen Auftritt sei es KMCZ verpasst hat.<\/p>\n<p>Auch das nun schon traditionelle Dorfspektakel, eine gro\u00dfe und sehr beliebte Karnevalssitzung, wurde durch das KMCZ ins Leben gerufen.<\/p>\n","protected":false},"author":1,"featured_media":0,"parent":0,"menu_order":0,"comment_status":"closed","ping_status":"closed","template":"","meta":{"footnotes":""},"class_list":["post-1456","page","type-page","status-publish","hentry"],"_links":{"self":[{"href":"https:\/\/eeschekuelle.de\/index.php\/wp-json\/wp\/v2\/pages\/1456","targetHints":{"allow":["GET"]}}],"collection":[{"href":"https:\/\/eeschekuelle.de\/index.php\/wp-json\/wp\/v2\/pages"}],"about":[{"href":"https:\/\/eeschekuelle.de\/index.php\/wp-json\/wp\/v2\/types\/page"}],"author":[{"embeddable":true,"href":"https:\/\/eeschekuelle.de\/index.php\/wp-json\/wp\/v2\/users\/1"}],"replies":[{"embeddable":true,"href":"https:\/\/eeschekuelle.de\/index.php\/wp-json\/wp\/v2\/comments?post=1456"}],"version-history":[{"count":29,"href":"https:\/\/eeschekuelle.de\/index.php\/wp-json\/wp\/v2\/pages\/1456\/revisions"}],"predecessor-version":[{"id":1817,"href":"https:\/\/eeschekuelle.de\/index.php\/wp-json\/wp\/v2\/pages\/1456\/revisions\/1817"}],"wp:attachment":[{"href":"https:\/\/eeschekuelle.de\/index.php\/wp-json\/wp\/v2\/media?parent=1456"}],"curies":[{"name":"wp","href":"https:\/\/api.w.org\/{rel}","templated":true}]}}